{"id":2077,"date":"2019-10-10T13:26:32","date_gmt":"2019-10-10T16:26:32","guid":{"rendered":"https:\/\/institutodelbicentenario-mza.infd.edu.ar\/sitio\/?page_id=2077"},"modified":"2026-02-02T16:04:35","modified_gmt":"2026-02-02T19:04:35","slug":"p-e-p-adc","status":"publish","type":"page","link":"https:\/\/institutodelbicentenario-infd.mendoza.edu.ar\/sitio\/p-e-p-adc\/","title":{"rendered":"P.E.P. (AdC)"},"content":{"rendered":"\n<p class=\"has-text-align-center\"><strong>Profesorado en Educaci\u00f3n Primaria<\/strong><\/p>\n\n\n\n<p class=\"has-text-align-center\"><strong>Actividades de Carrera<\/strong><\/p>\n\n\n\n<p class=\"has-text-align-center\"><strong>2020<\/strong><\/p>\n\n\n\n<p>Did\u00e1ctica de la literatura<\/p>\n\n\n\n<p>Profesora: Patricia Mugular<\/p>\n\n\n\n<p>Los alumnos de 2\u00b0 a\u00f1o de PEP comisi\u00f3n 1, para finalizar el cursado de dicha materia armaron talleres literarios con distintas din\u00e1micas y formas para poder llegar a los alumnos, acompa\u00f1ados de la profesora Patricia se logr\u00f3 lo pedido!<\/p>\n\n\n\n<figure class=\"wp-block-image size-large\"><img decoding=\"async\" loading=\"lazy\" width=\"1280\" height=\"960\" src=\"https:\/\/institutodelbicentenario-infd.mendoza.edu.ar\/sitio\/wp-content\/uploads\/2021\/11\/WhatsApp-Image-2021-11-19-at-15.05.16.jpeg\" alt=\"\" class=\"wp-image-6082\" srcset=\"https:\/\/institutodelbicentenario-infd.mendoza.edu.ar\/sitio\/wp-content\/uploads\/2021\/11\/WhatsApp-Image-2021-11-19-at-15.05.16.jpeg 1280w, https:\/\/institutodelbicentenario-infd.mendoza.edu.ar\/sitio\/wp-content\/uploads\/2021\/11\/WhatsApp-Image-2021-11-19-at-15.05.16-1000x750.jpeg 1000w, https:\/\/institutodelbicentenario-infd.mendoza.edu.ar\/sitio\/wp-content\/uploads\/2021\/11\/WhatsApp-Image-2021-11-19-at-15.05.16-768x576.jpeg 768w\" sizes=\"(max-width: 1280px) 100vw, 1280px\" \/><\/figure>\n\n\n\n<figure class=\"wp-block-image size-large\"><img decoding=\"async\" loading=\"lazy\" width=\"1600\" height=\"900\" src=\"https:\/\/institutodelbicentenario-infd.mendoza.edu.ar\/sitio\/wp-content\/uploads\/2021\/11\/WhatsApp-Image-2021-11-19-at-13.30.50.jpeg\" alt=\"\" class=\"wp-image-6083\" srcset=\"https:\/\/institutodelbicentenario-infd.mendoza.edu.ar\/sitio\/wp-content\/uploads\/2021\/11\/WhatsApp-Image-2021-11-19-at-13.30.50.jpeg 1600w, https:\/\/institutodelbicentenario-infd.mendoza.edu.ar\/sitio\/wp-content\/uploads\/2021\/11\/WhatsApp-Image-2021-11-19-at-13.30.50-1000x563.jpeg 1000w, https:\/\/institutodelbicentenario-infd.mendoza.edu.ar\/sitio\/wp-content\/uploads\/2021\/11\/WhatsApp-Image-2021-11-19-at-13.30.50-768x432.jpeg 768w, https:\/\/institutodelbicentenario-infd.mendoza.edu.ar\/sitio\/wp-content\/uploads\/2021\/11\/WhatsApp-Image-2021-11-19-at-13.30.50-1536x864.jpeg 1536w\" sizes=\"(max-width: 1600px) 100vw, 1600px\" \/><\/figure>\n\n\n\n<p><\/p>\n\n\n\n<figure class=\"wp-block-image size-large\"><img decoding=\"async\" loading=\"lazy\" width=\"1280\" height=\"960\" src=\"https:\/\/institutodelbicentenario-infd.mendoza.edu.ar\/sitio\/wp-content\/uploads\/2021\/11\/WhatsApp-Image-2021-11-19-at-13.30.52.jpeg\" alt=\"\" class=\"wp-image-6084\" srcset=\"https:\/\/institutodelbicentenario-infd.mendoza.edu.ar\/sitio\/wp-content\/uploads\/2021\/11\/WhatsApp-Image-2021-11-19-at-13.30.52.jpeg 1280w, https:\/\/institutodelbicentenario-infd.mendoza.edu.ar\/sitio\/wp-content\/uploads\/2021\/11\/WhatsApp-Image-2021-11-19-at-13.30.52-1000x750.jpeg 1000w, https:\/\/institutodelbicentenario-infd.mendoza.edu.ar\/sitio\/wp-content\/uploads\/2021\/11\/WhatsApp-Image-2021-11-19-at-13.30.52-768x576.jpeg 768w\" sizes=\"(max-width: 1280px) 100vw, 1280px\" \/><\/figure>\n\n\n\n<figure class=\"wp-block-image size-large\"><img decoding=\"async\" loading=\"lazy\" width=\"1000\" height=\"750\" src=\"https:\/\/institutodelbicentenario-infd.mendoza.edu.ar\/sitio\/wp-content\/uploads\/2021\/11\/WhatsApp-Image-2021-11-19-at-13.30.55.jpeg\" alt=\"\" class=\"wp-image-6085\" srcset=\"https:\/\/institutodelbicentenario-infd.mendoza.edu.ar\/sitio\/wp-content\/uploads\/2021\/11\/WhatsApp-Image-2021-11-19-at-13.30.55.jpeg 1000w, https:\/\/institutodelbicentenario-infd.mendoza.edu.ar\/sitio\/wp-content\/uploads\/2021\/11\/WhatsApp-Image-2021-11-19-at-13.30.55-768x576.jpeg 768w\" sizes=\"(max-width: 1000px) 100vw, 1000px\" \/><\/figure>\n\n\n\n<figure class=\"wp-block-image size-large\"><img decoding=\"async\" loading=\"lazy\" width=\"1280\" height=\"960\" src=\"https:\/\/institutodelbicentenario-infd.mendoza.edu.ar\/sitio\/wp-content\/uploads\/2021\/11\/WhatsApp-Image-2021-11-19-at-13.30.57.jpeg\" alt=\"\" class=\"wp-image-6086\" srcset=\"https:\/\/institutodelbicentenario-infd.mendoza.edu.ar\/sitio\/wp-content\/uploads\/2021\/11\/WhatsApp-Image-2021-11-19-at-13.30.57.jpeg 1280w, https:\/\/institutodelbicentenario-infd.mendoza.edu.ar\/sitio\/wp-content\/uploads\/2021\/11\/WhatsApp-Image-2021-11-19-at-13.30.57-1000x750.jpeg 1000w, https:\/\/institutodelbicentenario-infd.mendoza.edu.ar\/sitio\/wp-content\/uploads\/2021\/11\/WhatsApp-Image-2021-11-19-at-13.30.57-768x576.jpeg 768w\" sizes=\"(max-width: 1280px) 100vw, 1280px\" \/><\/figure>\n\n\n\n<figure class=\"wp-block-image size-large\"><img decoding=\"async\" loading=\"lazy\" width=\"1200\" height=\"1599\" src=\"https:\/\/institutodelbicentenario-infd.mendoza.edu.ar\/sitio\/wp-content\/uploads\/2021\/11\/WhatsApp-Image-2021-11-19-at-09.18.50.jpeg\" alt=\"\" class=\"wp-image-6087\" srcset=\"https:\/\/institutodelbicentenario-infd.mendoza.edu.ar\/sitio\/wp-content\/uploads\/2021\/11\/WhatsApp-Image-2021-11-19-at-09.18.50.jpeg 1200w, https:\/\/institutodelbicentenario-infd.mendoza.edu.ar\/sitio\/wp-content\/uploads\/2021\/11\/WhatsApp-Image-2021-11-19-at-09.18.50-750x1000.jpeg 750w, https:\/\/institutodelbicentenario-infd.mendoza.edu.ar\/sitio\/wp-content\/uploads\/2021\/11\/WhatsApp-Image-2021-11-19-at-09.18.50-768x1023.jpeg 768w, https:\/\/institutodelbicentenario-infd.mendoza.edu.ar\/sitio\/wp-content\/uploads\/2021\/11\/WhatsApp-Image-2021-11-19-at-09.18.50-1153x1536.jpeg 1153w\" sizes=\"(max-width: 1200px) 100vw, 1200px\" \/><\/figure>\n\n\n\n<p class=\"has-text-align-center\"><strong>2019<\/strong><\/p>\n\n\n\n<p class=\"has-text-align-center\"><strong>Feria de Matem\u00e1ticas<\/strong><\/p>\n\n\n\n<figure class=\"wp-block-embed is-type-rich is-provider-gestor-del-servicio wp-block-embed-gestor-del-servicio\"><div class=\"wp-block-embed__wrapper\">\n<div style=\"width: 640px;\" class=\"wp-video\"><!--[if lt IE 9]><script>document.createElement('video');<\/script><![endif]-->\n<video class=\"wp-video-shortcode\" id=\"video-2077-1\" width=\"640\" height=\"360\" preload=\"metadata\" controls=\"controls\"><source type=\"video\/mp4\" src=\"https:\/\/institutodelbicentenario-infd.mendoza.edu.ar\/aula\/archivos\/repositorio\/\/1750\/1900\/Feria_de_Matematica1.mp4?_=1\" \/><a href=\"https:\/\/institutodelbicentenario-infd.mendoza.edu.ar\/aula\/archivos\/repositorio\/\/1750\/1900\/Feria_de_Matematica1.mp4\">https:\/\/institutodelbicentenario-infd.mendoza.edu.ar\/aula\/archivos\/repositorio\/\/1750\/1900\/Feria_de_Matematica1.mp4<\/a><\/video><\/div>\n<\/div><\/figure>\n\n\n\n<figure class=\"wp-block-embed is-type-rich is-provider-gestor-del-servicio wp-block-embed-gestor-del-servicio\"><div class=\"wp-block-embed__wrapper\">\n<div style=\"width: 640px;\" class=\"wp-video\"><video class=\"wp-video-shortcode\" id=\"video-2077-2\" width=\"640\" height=\"360\" preload=\"metadata\" controls=\"controls\"><source type=\"video\/mp4\" src=\"https:\/\/institutodelbicentenario-infd.mendoza.edu.ar\/aula\/archivos\/repositorio\/\/1750\/1902\/Feria_de_Matematica2.mp4?_=2\" \/><a href=\"https:\/\/institutodelbicentenario-infd.mendoza.edu.ar\/aula\/archivos\/repositorio\/\/1750\/1902\/Feria_de_Matematica2.mp4\">https:\/\/institutodelbicentenario-infd.mendoza.edu.ar\/aula\/archivos\/repositorio\/\/1750\/1902\/Feria_de_Matematica2.mp4<\/a><\/video><\/div>\n<\/div><\/figure>\n\n\n<div class=\"wp-block-image\">\n<figure class=\"aligncenter\"><img decoding=\"async\" src=\"https:\/\/institutodelbicentenario-infd.mendoza.edu.ar\/aula\/archivos\/repositorio\/\/1750\/1898\/Feria_de_Matematica1.jpg\" alt=\"\"\/><\/figure><\/div>\n\n<div class=\"wp-block-image\">\n<figure class=\"aligncenter\"><img decoding=\"async\" src=\"https:\/\/institutodelbicentenario-infd.mendoza.edu.ar\/aula\/archivos\/repositorio\/\/1750\/1901\/Feria_de_Matematica2.jpg\" alt=\"\"\/><\/figure><\/div>\n\n\n<p><\/p>\n","protected":false},"excerpt":{"rendered":"<p>Profesorado en Educaci\u00f3n Primaria Actividades de Carrera 2020 Did\u00e1ctica de la literatura Profesora: Patricia Mugular Los alumnos de 2\u00b0 a\u00f1o de PEP comisi\u00f3n 1, para finalizar el cursado de dicha materia armaron talleres literarios con distintas din\u00e1micas y formas para poder llegar a los alumnos, acompa\u00f1ados de la profesora Patricia se logr\u00f3 lo pedido! 2019 &#8230; <a title=\"P.E.P. (AdC)\" class=\"read-more\" href=\"https:\/\/institutodelbicentenario-infd.mendoza.edu.ar\/sitio\/p-e-p-adc\/\" aria-label=\"More on P.E.P. (AdC)\">[+]<\/a><\/p>\n","protected":false},"author":646,"featured_media":0,"parent":0,"menu_order":0,"comment_status":"closed","ping_status":"closed","template":"","meta":[],"acf":[],"_links":{"self":[{"href":"https:\/\/institutodelbicentenario-infd.mendoza.edu.ar\/sitio\/wp-json\/wp\/v2\/pages\/2077"}],"collection":[{"href":"https:\/\/institutodelbicentenario-infd.mendoza.edu.ar\/sitio\/wp-json\/wp\/v2\/pages"}],"about":[{"href":"https:\/\/institutodelbicentenario-infd.mendoza.edu.ar\/sitio\/wp-json\/wp\/v2\/types\/page"}],"author":[{"embeddable":true,"href":"https:\/\/institutodelbicentenario-infd.mendoza.edu.ar\/sitio\/wp-json\/wp\/v2\/users\/646"}],"replies":[{"embeddable":true,"href":"https:\/\/institutodelbicentenario-infd.mendoza.edu.ar\/sitio\/wp-json\/wp\/v2\/comments?post=2077"}],"version-history":[{"count":14,"href":"https:\/\/institutodelbicentenario-infd.mendoza.edu.ar\/sitio\/wp-json\/wp\/v2\/pages\/2077\/revisions"}],"predecessor-version":[{"id":12915,"href":"https:\/\/institutodelbicentenario-infd.mendoza.edu.ar\/sitio\/wp-json\/wp\/v2\/pages\/2077\/revisions\/12915"}],"wp:attachment":[{"href":"https:\/\/institutodelbicentenario-infd.mendoza.edu.ar\/sitio\/wp-json\/wp\/v2\/media?parent=2077"}],"curies":[{"name":"wp","href":"https:\/\/api.w.org\/{rel}","templated":true}]}}